{"id":578,"date":"2021-07-05T17:52:12","date_gmt":"2021-07-05T17:52:12","guid":{"rendered":"https:\/?post_type=tribe_events&#038;p=578"},"modified":"2021-07-05T17:57:53","modified_gmt":"2021-07-05T17:57:53","slug":"regionalie-kulturas-svetki-bergena","status":"publish","type":"tribe_events","link":"https:\/\/korislaipa.no\/index.php\/event\/regionalie-kulturas-svetki-bergena\/","title":{"rendered":"Re\u0123ion\u0101lie kult\u016bras sv\u0113tki Bergen\u0101"},"content":{"rendered":"<h3 style=\"text-align: center;\"><a href=\"https:\/\/docs.google.com\/forms\/d\/e\/1FAIpQLSfXN1p0LJP9eE34s0jlkp_4WGDVuZL4u9UpHVPp9JW6OmjLZg\/viewform?vc=0&amp;c=0&amp;w=1&amp;flr=0&amp;fbclid=IwAR3DAHfcGSC1AHRCjBVrzbKtHXwYxP6tCXvVYBU4yCSMgRQ8BXoYM3V2nfE\">Sign up to event!<\/a><\/h3>\n<p><img fetchpriority=\"high\" decoding=\"async\" class=\"wp-image-565 aligncenter\" src=\"https:\/\/korislaipa.no\/wp-content\/uploads\/2021\/07\/bhhhh-212x300.jpg\" alt=\"\" width=\"634\" height=\"897\" srcset=\"https:\/\/korislaipa.no\/wp-content\/uploads\/2021\/07\/bhhhh-212x300.jpg 212w, https:\/\/korislaipa.no\/wp-content\/uploads\/2021\/07\/bhhhh-724x1024.jpg 724w, https:\/\/korislaipa.no\/wp-content\/uploads\/2021\/07\/bhhhh-768x1086.jpg 768w, https:\/\/korislaipa.no\/wp-content\/uploads\/2021\/07\/bhhhh-scaled.jpg 1810w\" sizes=\"(max-width: 634px) 100vw, 634px\" \/><\/p>\n<p style=\"text-align: center;\">Latvie\u0161u biedr\u012bba Norv\u0113\u0123ij\u0101 Bergen\u0101, sadarb\u012bb\u0101 ar Kult\u016bras skolu &#8220;Bergausis&#8221;, iel\u016bdz apmekl\u0113t Re\u0123ion\u0101los kult\u016bras sv\u0113tkus Bergen\u0101, kuri notiks no 13.08.2021 \u2013 15.08.2021., Norv\u0113\u0123ij\u0101, Bergen\u0101 &#8211; \u00c5sane kultursenter. Ideja par re\u0123ion\u0101lajiem sv\u0113tkiem tapa pateicoties b\u0113rnu m\u0101kslinieciskaj\u0101m kop\u0101m, kur\u0101m nav iesp\u0113jas svin\u0113t pl\u0101notos B\u0113rnu un Jaunie\u0161u Dziesmu sv\u0113tkus Latvij\u0101. Esam nol\u0113mu\u0161i rad\u012bt sv\u0113tkus \u0161eit, Bergen\u0101, un pulcin\u0101t ar\u012b visas pieaugu\u0161o m\u0101ksliniecisk\u0101s kopas vienuviet. T\u0101d\u0113j\u0101di par\u0101dot jaunajai paaudzei att\u012bst\u012bbas iesp\u0113jas un apzi\u0146u, ka ieguld\u012btais darbs nav dar\u012bts velti. T\u0101p\u0113c aicin\u0101m visus dejot\u0101jus, dzied\u0101t\u0101jus, amatiert\u0113atra aktierus un citus interesentus pievienoties meistarklas\u0113m un kop\u012bgiem sv\u0113tkiem! Ja Tav\u0101 pils\u0113t\u0101 v\u0113l nav pa\u0161darbnieku kolekt\u012bva, brauc ciemos un iepaz\u012bsties, iedvesmojies un \u0137er idejas! Savu dal\u012bbu ir apstiprin\u0101jis diri\u0123ents Kaspars \u0100damsons, kur\u0161 vad\u012bs meistarklases pieaugu\u0161ajiem un z\u0113nu korim. Horeogr\u0101fs, deju sv\u0113tku virsvad\u012bt\u0101js Ilm\u0101rs Dre\u013cs. Folkloras kopas &#8220;V\u012bteri&#8221; vad\u012bt\u0101ja Sandra Stare. Amatierte\u0101triem meistarklasi vad\u012bs aktrise un re\u017eisore Alise Pola\u010denko. DALIES AR INFORM\u0100CIJU sav\u0101s kopien\u0101s un iepl\u0101nojiet datumus!!! V\u0113lies pievienoties &#8211; <a href=\"http:\/\/Latvie\u0161u biedr\u012bba Norv\u0113\u0123ij\u0101 Bergen\u0101, sadarb\u012bb\u0101 ar Kult\u016bras skolu &quot;Bergausis&quot;, iel\u016bdz apmekl\u0113t Re\u0123ion\u0101los kult\u016bras sv\u0113tkus Bergen\u0101, kuri notiks no 13.08.2021 \u2013 15.08.2021., Norv\u0113\u0123ij\u0101, Bergen\u0101 - \u00c5sane kultursenter.  Ideja par re\u0123ion\u0101lajiem sv\u0113tkiem tapa pateicoties b\u0113rnu m\u0101kslinieciskaj\u0101m kop\u0101m, kur\u0101m nav iesp\u0113jas svin\u0113t pl\u0101notos B\u0113rnu un Jaunie\u0161u Dziesmu sv\u0113tkus Latvij\u0101. Esam nol\u0113mu\u0161i rad\u012bt sv\u0113tkus \u0161eit, Bergen\u0101, un pulcin\u0101t ar\u012b visas pieaugu\u0161o m\u0101ksliniecisk\u0101s kopas vienuviet.  T\u0101d\u0113j\u0101di par\u0101dot jaunajai paaudzei att\u012bst\u012bbas iesp\u0113jas un apzi\u0146u, ka ieguld\u012btais darbs nav dar\u012bts velti. T\u0101p\u0113c aicin\u0101m visus dejot\u0101jus, dzied\u0101t\u0101jus, amatiert\u0113atra aktierus un citus interesentus pievienoties meistarklas\u0113m un kop\u012bgiem sv\u0113tkiem! Ja Tav\u0101 pils\u0113t\u0101 v\u0113l nav pa\u0161darbnieku kolekt\u012bva, brauc ciemos un iepaz\u012bsties, iedvesmojies un \u0137er idejas! Savu dal\u012bbu ir apstiprin\u0101jis diri\u0123ents Kaspars \u0100damsons, kur\u0161 vad\u012bs meistarklases pieaugu\u0161ajiem un z\u0113nu korim. Horeogr\u0101fs, deju sv\u0113tku virsvad\u012bt\u0101js Ilm\u0101rs Dre\u013cs.  Folkloras kopas &quot;V\u012bteri&quot; vad\u012bt\u0101ja Sandra Stare. Amatierte\u0101triem meistarklasi vad\u012bs aktrise un re\u017eisore Alise Pola\u010denko. DALIES AR INFORM\u0100CIJU sav\u0101s kopien\u0101s un iepl\u0101nojiet datumus!!!  V\u0113lies pievienoties - aizpildi dal\u012bbnieka pieteikumu \u0161eit: https:\/\/docs.google.com\/...\/1FAIpQLSfXN1p0LJP...\/viewform... Afi\u0161as autori: Zane Danosa un Kristians Danoss Re\u0123ion\u0101lie kult\u016bras sv\u0113tki notiek organiz\u0113t\u0101 projekta ietvaros \u201eK\u0101da Tu esi \u2013 mana Latvija\u201d. Projekta identifik\u0101cijas numurs: 2021.LV\/DP\/36. Projektu finansi\u0101li atbalsta Sabiedr\u012bbas integr\u0101cijas fonds no Kult\u016bras ministrijas pie\u0161\u0137irtajiem Latvijas valsts bud\u017eeta l\u012bdzek\u013ciem.\">aizpildi dal\u012bbnieka pieteikumu \u0161eit<\/a>!<\/p>\n<p style=\"text-align: center;\">Afi\u0161as autori: Zane Danosa un Kristians Danoss Re\u0123ion\u0101lie kult\u016bras sv\u0113tki notiek organiz\u0113t\u0101 projekta ietvaros \u201eK\u0101da Tu esi \u2013 mana Latvija\u201d. Projekta identifik\u0101cijas numurs: 2021.LV\/DP\/36. Projektu finansi\u0101li atbalsta Sabiedr\u012bbas integr\u0101cijas fonds no Kult\u016bras ministrijas pie\u0161\u0137irtajiem Latvijas valsts bud\u017eeta l\u012bdzek\u013ciem.<\/p>\n","protected":false},"excerpt":{"rendered":"<p>Sign up to event! Latvie\u0161u biedr\u012bba Norv\u0113\u0123ij\u0101 Bergen\u0101, sadarb\u012bb\u0101 ar Kult\u016bras skolu &#8220;Bergausis&#8221;, iel\u016bdz apmekl\u0113t Re\u0123ion\u0101los kult\u016bras sv\u0113tkus Bergen\u0101, kuri notiks no 13.08.2021 \u2013 15.08.2021., Norv\u0113\u0123ij\u0101, Bergen\u0101 &#8211; \u00c5sane kultursenter. [&hellip;]<\/p>\n","protected":false},"author":1,"featured_media":0,"template":"","meta":{"site-sidebar-layout":"default","site-content-layout":"default","ast-site-content-layout":"default","site-content-style":"default","site-sidebar-style":"default","ast-global-header-display":"","ast-banner-title-visibility":"","ast-main-header-display":"","ast-hfb-above-header-display":"","ast-hfb-below-header-display":"","ast-hfb-mobile-header-display":"","site-post-title":"","ast-breadcrumbs-content":"","ast-featured-img":"","footer-sml-layout":"","ast-disable-related-posts":"","theme-transparent-header-meta":"default","adv-header-id-meta":"","stick-header-meta":"","header-above-stick-meta":"","header-main-stick-meta":"","header-below-stick-meta":"","astra-migrate-meta-layouts":"default","ast-page-background-enabled":"default","ast-page-background-meta":{"desktop":{"background-color":"","background-image":"","background-repeat":"repeat","background-position":"center center","background-size":"auto","background-attachment":"scroll","background-type":"","background-media":"","overlay-type":"","overlay-color":"","overlay-opacity":"","overlay-gradient":""},"tablet":{"background-color":"","background-image":"","background-repeat":"repeat","background-position":"center center","background-size":"auto","background-attachment":"scroll","background-type":"","background-media":"","overlay-type":"","overlay-color":"","overlay-opacity":"","overlay-gradient":""},"mobile":{"background-color":"","background-image":"","background-repeat":"repeat","background-position":"center center","background-size":"auto","background-attachment":"scroll","background-type":"","background-media":"","overlay-type":"","overlay-color":"","overlay-opacity":"","overlay-gradient":""}},"ast-content-background-meta":{"desktop":{"background-color":"var(--ast-global-color-5)","background-image":"","background-repeat":"repeat","background-position":"center center","background-size":"auto","background-attachment":"scroll","background-type":"","background-media":"","overlay-type":"","overlay-color":"","overlay-opacity":"","overlay-gradient":""},"tablet":{"background-color":"var(--ast-global-color-5)","background-image":"","background-repeat":"repeat","background-position":"center center","background-size":"auto","background-attachment":"scroll","background-type":"","background-media":"","overlay-type":"","overlay-color":"","overlay-opacity":"","overlay-gradient":""},"mobile":{"background-color":"var(--ast-global-color-5)","background-image":"","background-repeat":"repeat","background-position":"center center","background-size":"auto","background-attachment":"scroll","background-type":"","background-media":"","overlay-type":"","overlay-color":"","overlay-opacity":"","overlay-gradient":""}},"_tribe_events_status":"","_tribe_events_status_reason":"","footnotes":""},"tags":[],"tribe_events_cat":[],"class_list":["post-578","tribe_events","type-tribe_events","status-publish","hentry"],"aioseo_notices":[],"_links":{"self":[{"href":"https:\/\/korislaipa.no\/index.php\/wp-json\/wp\/v2\/tribe_events\/578","targetHints":{"allow":["GET"]}}],"collection":[{"href":"https:\/\/korislaipa.no\/index.php\/wp-json\/wp\/v2\/tribe_events"}],"about":[{"href":"https:\/\/korislaipa.no\/index.php\/wp-json\/wp\/v2\/types\/tribe_events"}],"author":[{"embeddable":true,"href":"https:\/\/korislaipa.no\/index.php\/wp-json\/wp\/v2\/users\/1"}],"version-history":[{"count":5,"href":"https:\/\/korislaipa.no\/index.php\/wp-json\/wp\/v2\/tribe_events\/578\/revisions"}],"predecessor-version":[{"id":583,"href":"https:\/\/korislaipa.no\/index.php\/wp-json\/wp\/v2\/tribe_events\/578\/revisions\/583"}],"wp:attachment":[{"href":"https:\/\/korislaipa.no\/index.php\/wp-json\/wp\/v2\/media?parent=578"}],"wp:term":[{"taxonomy":"post_tag","embeddable":true,"href":"https:\/\/korislaipa.no\/index.php\/wp-json\/wp\/v2\/tags?post=578"},{"taxonomy":"tribe_events_cat","embeddable":true,"href":"https:\/\/korislaipa.no\/index.php\/wp-json\/wp\/v2\/tribe_events_cat?post=578"}],"curies":[{"name":"wp","href":"https:\/\/api.w.org\/{rel}","templated":true}]}}